{"id":19,"date":"2021-03-03T21:09:21","date_gmt":"2021-03-03T21:09:21","guid":{"rendered":"http:\/\/place4all.pt\/?page_id=19"},"modified":"2021-03-14T19:34:59","modified_gmt":"2021-03-14T19:34:59","slug":"espacos-educativos","status":"publish","type":"page","link":"https:\/\/place4all.pt\/?page_id=19","title":{"rendered":"Espa\u00e7os educativos"},"content":{"rendered":"\n<p>O nosso col\u00e9gio funciona num edif\u00edcio classificado e disp\u00f5e de uma ampla \u00e1rea de jardim e de uma zona de recreio coberto, disponibilizando equipamentos e materiais did\u00e1ticos para as crian\u00e7as.\u00a0<\/p>\n\n\n\n<p>Estes dois espa\u00e7os s\u00e3o espa\u00e7os de encontro e brincadeira e acolhem ainda momentos especiais da vida da comunidade escolar: festas, encontros de pais, apresenta\u00e7\u00e3o de projetos, entre outras iniciativas.<\/p>\n\n\n\n<figure class=\"wp-block-gallery columns-3 is-cropped wp-block-gallery-1 is-layout-flex wp-block-gallery-is-layout-flex\"><ul class=\"blocks-gallery-grid\"><li class=\"blocks-gallery-item\"><figure><img loading=\"lazy\" decoding=\"async\" width=\"1024\" height=\"768\" src=\"https:\/\/place4all.pt\/wp-content\/uploads\/2021\/03\/Recreio1-2-1024x768.jpg\" alt=\"\" data-id=\"158\" data-link=\"https:\/\/place4all.pt\/?attachment_id=158\" class=\"wp-image-158\" srcset=\"https:\/\/place4all.pt\/wp-content\/uploads\/2021\/03\/Recreio1-2-1024x768.jpg 1024w, https:\/\/place4all.pt\/wp-content\/uploads\/2021\/03\/Recreio1-2-300x225.jpg 300w, https:\/\/place4all.pt\/wp-content\/uploads\/2021\/03\/Recreio1-2-768x576.jpg 768w, https:\/\/place4all.pt\/wp-content\/uploads\/2021\/03\/Recreio1-2-1536x1152.jpg 1536w, https:\/\/place4all.pt\/wp-content\/uploads\/2021\/03\/Recreio1-2-2048x1536.jpg 2048w, https:\/\/place4all.pt\/wp-content\/uploads\/2021\/03\/Recreio1-2-1100x825.jpg 1100w\" sizes=\"auto, (max-width: 1024px) 100vw, 1024px\" \/><figcaption class=\"blocks-gallery-item__caption\">Recreio Exterior<\/figcaption><\/figure><\/li><li class=\"blocks-gallery-item\"><figure><img loading=\"lazy\" decoding=\"async\" width=\"1024\" height=\"768\" src=\"https:\/\/place4all.pt\/wp-content\/uploads\/2021\/03\/IMG-20200803-WA0012-1-1024x768.jpg\" alt=\"\" data-id=\"142\" data-link=\"https:\/\/place4all.pt\/?attachment_id=142\" class=\"wp-image-142\" srcset=\"https:\/\/place4all.pt\/wp-content\/uploads\/2021\/03\/IMG-20200803-WA0012-1-1024x768.jpg 1024w, https:\/\/place4all.pt\/wp-content\/uploads\/2021\/03\/IMG-20200803-WA0012-1-300x225.jpg 300w, https:\/\/place4all.pt\/wp-content\/uploads\/2021\/03\/IMG-20200803-WA0012-1-768x576.jpg 768w, https:\/\/place4all.pt\/wp-content\/uploads\/2021\/03\/IMG-20200803-WA0012-1-1536x1152.jpg 1536w, https:\/\/place4all.pt\/wp-content\/uploads\/2021\/03\/IMG-20200803-WA0012-1-1100x825.jpg 1100w, https:\/\/place4all.pt\/wp-content\/uploads\/2021\/03\/IMG-20200803-WA0012-1.jpg 1824w\" sizes=\"auto, (max-width: 1024px) 100vw, 1024px\" \/><figcaption class=\"blocks-gallery-item__caption\">Recreio Exterior<\/figcaption><\/figure><\/li><li class=\"blocks-gallery-item\"><figure><img loading=\"lazy\" decoding=\"async\" width=\"1024\" height=\"768\" src=\"https:\/\/place4all.pt\/wp-content\/uploads\/2021\/03\/IMG-20210204-WA0004-1-1024x768.jpg\" alt=\"\" data-id=\"160\" data-link=\"https:\/\/place4all.pt\/?attachment_id=160\" class=\"wp-image-160\" srcset=\"https:\/\/place4all.pt\/wp-content\/uploads\/2021\/03\/IMG-20210204-WA0004-1-1024x768.jpg 1024w, https:\/\/place4all.pt\/wp-content\/uploads\/2021\/03\/IMG-20210204-WA0004-1-300x225.jpg 300w, https:\/\/place4all.pt\/wp-content\/uploads\/2021\/03\/IMG-20210204-WA0004-1-768x576.jpg 768w, https:\/\/place4all.pt\/wp-content\/uploads\/2021\/03\/IMG-20210204-WA0004-1-1536x1152.jpg 1536w, https:\/\/place4all.pt\/wp-content\/uploads\/2021\/03\/IMG-20210204-WA0004-1-1100x825.jpg 1100w, https:\/\/place4all.pt\/wp-content\/uploads\/2021\/03\/IMG-20210204-WA0004-1.jpg 1632w\" sizes=\"auto, (max-width: 1024px) 100vw, 1024px\" \/><figcaption class=\"blocks-gallery-item__caption\">Recreio Exterior<\/figcaption><\/figure><\/li><li class=\"blocks-gallery-item\"><figure><img loading=\"lazy\" decoding=\"async\" width=\"1024\" height=\"768\" src=\"https:\/\/place4all.pt\/wp-content\/uploads\/2021\/03\/Recreio-coberto_passadeira-vermelha-1024x768.jpg\" alt=\"\" data-id=\"166\" data-full-url=\"https:\/\/place4all.pt\/wp-content\/uploads\/2021\/03\/Recreio-coberto_passadeira-vermelha.jpg\" data-link=\"https:\/\/place4all.pt\/?attachment_id=166\" class=\"wp-image-166\" srcset=\"https:\/\/place4all.pt\/wp-content\/uploads\/2021\/03\/Recreio-coberto_passadeira-vermelha-1024x768.jpg 1024w, https:\/\/place4all.pt\/wp-content\/uploads\/2021\/03\/Recreio-coberto_passadeira-vermelha-300x225.jpg 300w, https:\/\/place4all.pt\/wp-content\/uploads\/2021\/03\/Recreio-coberto_passadeira-vermelha-768x576.jpg 768w, https:\/\/place4all.pt\/wp-content\/uploads\/2021\/03\/Recreio-coberto_passadeira-vermelha-1536x1152.jpg 1536w, https:\/\/place4all.pt\/wp-content\/uploads\/2021\/03\/Recreio-coberto_passadeira-vermelha-1100x825.jpg 1100w, https:\/\/place4all.pt\/wp-content\/uploads\/2021\/03\/Recreio-coberto_passadeira-vermelha.jpg 1632w\" sizes=\"auto, (max-width: 1024px) 100vw, 1024px\" \/><figcaption class=\"blocks-gallery-item__caption\">Recreio Coberto<\/figcaption><\/figure><\/li><li class=\"blocks-gallery-item\"><figure><img loading=\"lazy\" decoding=\"async\" width=\"1024\" height=\"768\" src=\"https:\/\/place4all.pt\/wp-content\/uploads\/2021\/03\/IMG_5660-1024x768.jpg\" alt=\"\" data-id=\"161\" data-link=\"https:\/\/place4all.pt\/?attachment_id=161\" class=\"wp-image-161\" srcset=\"https:\/\/place4all.pt\/wp-content\/uploads\/2021\/03\/IMG_5660-1024x768.jpg 1024w, https:\/\/place4all.pt\/wp-content\/uploads\/2021\/03\/IMG_5660-300x225.jpg 300w, https:\/\/place4all.pt\/wp-content\/uploads\/2021\/03\/IMG_5660-768x576.jpg 768w, https:\/\/place4all.pt\/wp-content\/uploads\/2021\/03\/IMG_5660-1536x1152.jpg 1536w, https:\/\/place4all.pt\/wp-content\/uploads\/2021\/03\/IMG_5660-2048x1536.jpg 2048w, https:\/\/place4all.pt\/wp-content\/uploads\/2021\/03\/IMG_5660-1100x825.jpg 1100w\" sizes=\"auto, (max-width: 1024px) 100vw, 1024px\" \/><figcaption class=\"blocks-gallery-item__caption\">Recreio Coberto<\/figcaption><\/figure><\/li><li class=\"blocks-gallery-item\"><figure><img loading=\"lazy\" decoding=\"async\" width=\"768\" height=\"1024\" src=\"https:\/\/place4all.pt\/wp-content\/uploads\/2021\/03\/Psicomotricidade--768x1024.jpg\" alt=\"\" data-id=\"144\" data-link=\"https:\/\/place4all.pt\/?attachment_id=144\" class=\"wp-image-144\" srcset=\"https:\/\/place4all.pt\/wp-content\/uploads\/2021\/03\/Psicomotricidade--768x1024.jpg 768w, https:\/\/place4all.pt\/wp-content\/uploads\/2021\/03\/Psicomotricidade--225x300.jpg 225w, https:\/\/place4all.pt\/wp-content\/uploads\/2021\/03\/Psicomotricidade--1152x1536.jpg 1152w, https:\/\/place4all.pt\/wp-content\/uploads\/2021\/03\/Psicomotricidade--1536x2048.jpg 1536w, https:\/\/place4all.pt\/wp-content\/uploads\/2021\/03\/Psicomotricidade--1100x1467.jpg 1100w, https:\/\/place4all.pt\/wp-content\/uploads\/2021\/03\/Psicomotricidade--scaled.jpg 1920w\" sizes=\"auto, (max-width: 768px) 100vw, 768px\" \/><figcaption class=\"blocks-gallery-item__caption\">Recreio Coberto<\/figcaption><\/figure><\/li><\/ul><\/figure>\n\n\n\n<p>As salas de aula s\u00e3o o cora\u00e7\u00e3o do nosso col\u00e9gio e por isso dedicamos especial aten\u00e7\u00e3o \u00e0 conce\u00e7\u00e3o e organiza\u00e7\u00e3o\u00a0 das mesmas: amplas, com muita luz natural e apetrechadas com mobili\u00e1rio e materiais did\u00e1ticos e meios tecnol\u00f3gicos adequados a cada faixa et\u00e1ria s\u00e3o o espa\u00e7o por excel\u00eancia onde tudo acontece!<\/p>\n\n\n\n<p>As v\u00e1rias respostas sociais, creche, pr\u00e9-escolar e primeiro ciclo, funcionam em espa\u00e7os distintos do col\u00e9gio.<\/p>\n\n\n\n<p>O r\/c \u00e9 ocupado pelos servi\u00e7os de rece\u00e7\u00e3o, tesouraria, cozinha, copa e refeit\u00f3rio. Neste piso encontramos ainda gabinetes para apoios terap\u00eauticos e gin\u00e1sio.<\/p>\n\n\n\n<figure class=\"wp-block-gallery columns-3 is-cropped wp-block-gallery-2 is-layout-flex wp-block-gallery-is-layout-flex\"><ul class=\"blocks-gallery-grid\"><li class=\"blocks-gallery-item\"><figure><img loading=\"lazy\" decoding=\"async\" width=\"1024\" height=\"768\" src=\"https:\/\/place4all.pt\/wp-content\/uploads\/2021\/03\/IMG-20210204-WA0006-1024x768.jpg\" alt=\"\" data-id=\"148\" data-link=\"https:\/\/place4all.pt\/?attachment_id=148\" class=\"wp-image-148\" srcset=\"https:\/\/place4all.pt\/wp-content\/uploads\/2021\/03\/IMG-20210204-WA0006-1024x768.jpg 1024w, https:\/\/place4all.pt\/wp-content\/uploads\/2021\/03\/IMG-20210204-WA0006-300x225.jpg 300w, https:\/\/place4all.pt\/wp-content\/uploads\/2021\/03\/IMG-20210204-WA0006-768x576.jpg 768w, https:\/\/place4all.pt\/wp-content\/uploads\/2021\/03\/IMG-20210204-WA0006-1536x1152.jpg 1536w, https:\/\/place4all.pt\/wp-content\/uploads\/2021\/03\/IMG-20210204-WA0006-1100x825.jpg 1100w, https:\/\/place4all.pt\/wp-content\/uploads\/2021\/03\/IMG-20210204-WA0006.jpg 1632w\" sizes=\"auto, (max-width: 1024px) 100vw, 1024px\" \/><figcaption class=\"blocks-gallery-item__caption\">Sala Polivalente<\/figcaption><\/figure><\/li><li class=\"blocks-gallery-item\"><figure><img loading=\"lazy\" decoding=\"async\" width=\"768\" height=\"1024\" src=\"https:\/\/place4all.pt\/wp-content\/uploads\/2021\/03\/Sala-terapia-da-fala-768x1024.jpg\" alt=\"\" data-id=\"147\" data-link=\"https:\/\/place4all.pt\/?attachment_id=147\" class=\"wp-image-147\" srcset=\"https:\/\/place4all.pt\/wp-content\/uploads\/2021\/03\/Sala-terapia-da-fala-768x1024.jpg 768w, https:\/\/place4all.pt\/wp-content\/uploads\/2021\/03\/Sala-terapia-da-fala-225x300.jpg 225w, https:\/\/place4all.pt\/wp-content\/uploads\/2021\/03\/Sala-terapia-da-fala-1152x1536.jpg 1152w, https:\/\/place4all.pt\/wp-content\/uploads\/2021\/03\/Sala-terapia-da-fala-1536x2048.jpg 1536w, https:\/\/place4all.pt\/wp-content\/uploads\/2021\/03\/Sala-terapia-da-fala-1100x1467.jpg 1100w, https:\/\/place4all.pt\/wp-content\/uploads\/2021\/03\/Sala-terapia-da-fala-scaled.jpg 1920w\" sizes=\"auto, (max-width: 768px) 100vw, 768px\" \/><figcaption class=\"blocks-gallery-item__caption\">Gabinete Terapia da Fala<\/figcaption><\/figure><\/li><li class=\"blocks-gallery-item\"><figure><img loading=\"lazy\" decoding=\"async\" width=\"768\" height=\"1024\" src=\"https:\/\/place4all.pt\/wp-content\/uploads\/2021\/03\/IMG-20210210-WA0002-768x1024.jpg\" alt=\"\" data-id=\"150\" data-full-url=\"https:\/\/place4all.pt\/wp-content\/uploads\/2021\/03\/IMG-20210210-WA0002.jpg\" data-link=\"https:\/\/place4all.pt\/?attachment_id=150\" class=\"wp-image-150\" srcset=\"https:\/\/place4all.pt\/wp-content\/uploads\/2021\/03\/IMG-20210210-WA0002-768x1024.jpg 768w, https:\/\/place4all.pt\/wp-content\/uploads\/2021\/03\/IMG-20210210-WA0002-225x300.jpg 225w, https:\/\/place4all.pt\/wp-content\/uploads\/2021\/03\/IMG-20210210-WA0002-1152x1536.jpg 1152w, https:\/\/place4all.pt\/wp-content\/uploads\/2021\/03\/IMG-20210210-WA0002-1100x1467.jpg 1100w, https:\/\/place4all.pt\/wp-content\/uploads\/2021\/03\/IMG-20210210-WA0002.jpg 1224w\" sizes=\"auto, (max-width: 768px) 100vw, 768px\" \/><figcaption class=\"blocks-gallery-item__caption\">Gabinete Terapia Ocupacional<\/figcaption><\/figure><\/li><li class=\"blocks-gallery-item\"><figure><img loading=\"lazy\" decoding=\"async\" width=\"1024\" height=\"768\" src=\"https:\/\/place4all.pt\/wp-content\/uploads\/2021\/03\/IMG-20210204-WA0007-1024x768.jpg\" alt=\"\" data-id=\"149\" data-link=\"https:\/\/place4all.pt\/?attachment_id=149\" class=\"wp-image-149\" srcset=\"https:\/\/place4all.pt\/wp-content\/uploads\/2021\/03\/IMG-20210204-WA0007-1024x768.jpg 1024w, https:\/\/place4all.pt\/wp-content\/uploads\/2021\/03\/IMG-20210204-WA0007-300x225.jpg 300w, https:\/\/place4all.pt\/wp-content\/uploads\/2021\/03\/IMG-20210204-WA0007-768x576.jpg 768w, https:\/\/place4all.pt\/wp-content\/uploads\/2021\/03\/IMG-20210204-WA0007-1536x1152.jpg 1536w, https:\/\/place4all.pt\/wp-content\/uploads\/2021\/03\/IMG-20210204-WA0007-1100x825.jpg 1100w, https:\/\/place4all.pt\/wp-content\/uploads\/2021\/03\/IMG-20210204-WA0007.jpg 1632w\" sizes=\"auto, (max-width: 1024px) 100vw, 1024px\" \/><figcaption class=\"blocks-gallery-item__caption\">Gin\u00e1sio<\/figcaption><\/figure><\/li><li class=\"blocks-gallery-item\"><figure><img loading=\"lazy\" decoding=\"async\" width=\"1024\" height=\"768\" src=\"https:\/\/place4all.pt\/wp-content\/uploads\/2021\/03\/refeitorio-1024x768.jpg\" alt=\"\" data-id=\"146\" data-link=\"https:\/\/place4all.pt\/?attachment_id=146\" class=\"wp-image-146\" srcset=\"https:\/\/place4all.pt\/wp-content\/uploads\/2021\/03\/refeitorio-1024x768.jpg 1024w, https:\/\/place4all.pt\/wp-content\/uploads\/2021\/03\/refeitorio-300x225.jpg 300w, https:\/\/place4all.pt\/wp-content\/uploads\/2021\/03\/refeitorio-768x576.jpg 768w, https:\/\/place4all.pt\/wp-content\/uploads\/2021\/03\/refeitorio-1536x1152.jpg 1536w, https:\/\/place4all.pt\/wp-content\/uploads\/2021\/03\/refeitorio-2048x1536.jpg 2048w, https:\/\/place4all.pt\/wp-content\/uploads\/2021\/03\/refeitorio-1100x825.jpg 1100w\" sizes=\"auto, (max-width: 1024px) 100vw, 1024px\" \/><figcaption class=\"blocks-gallery-item__caption\">Refeit\u00f3rio<\/figcaption><\/figure><\/li><\/ul><\/figure>\n\n\n\n<p>O 1\u00ba andar \u00e9 ocupado pela creche, dire\u00e7\u00e3o e secretaria.<\/p>\n\n\n\n<figure class=\"wp-block-gallery columns-3 is-cropped wp-block-gallery-3 is-layout-flex wp-block-gallery-is-layout-flex\"><ul class=\"blocks-gallery-grid\"><li class=\"blocks-gallery-item\"><figure><img loading=\"lazy\" decoding=\"async\" width=\"678\" height=\"1024\" src=\"https:\/\/place4all.pt\/wp-content\/uploads\/2021\/03\/slider_instalacoes4-678x1024.jpg\" alt=\"\" data-id=\"154\" data-link=\"https:\/\/place4all.pt\/?attachment_id=154\" class=\"wp-image-154\" srcset=\"https:\/\/place4all.pt\/wp-content\/uploads\/2021\/03\/slider_instalacoes4-678x1024.jpg 678w, https:\/\/place4all.pt\/wp-content\/uploads\/2021\/03\/slider_instalacoes4-199x300.jpg 199w, https:\/\/place4all.pt\/wp-content\/uploads\/2021\/03\/slider_instalacoes4-768x1160.jpg 768w, https:\/\/place4all.pt\/wp-content\/uploads\/2021\/03\/slider_instalacoes4-1017x1536.jpg 1017w, https:\/\/place4all.pt\/wp-content\/uploads\/2021\/03\/slider_instalacoes4-1356x2048.jpg 1356w, https:\/\/place4all.pt\/wp-content\/uploads\/2021\/03\/slider_instalacoes4-1100x1661.jpg 1100w, https:\/\/place4all.pt\/wp-content\/uploads\/2021\/03\/slider_instalacoes4.jpg 1564w\" sizes=\"auto, (max-width: 678px) 100vw, 678px\" \/><figcaption class=\"blocks-gallery-item__caption\">Acesso ao 1\u00ba Andar<\/figcaption><\/figure><\/li><li class=\"blocks-gallery-item\"><figure><img loading=\"lazy\" decoding=\"async\" width=\"1024\" height=\"768\" src=\"https:\/\/place4all.pt\/wp-content\/uploads\/2021\/03\/IMG-20210204-WA0005-1024x768.jpg\" alt=\"\" data-id=\"151\" data-link=\"https:\/\/place4all.pt\/?attachment_id=151\" class=\"wp-image-151\" srcset=\"https:\/\/place4all.pt\/wp-content\/uploads\/2021\/03\/IMG-20210204-WA0005-1024x768.jpg 1024w, https:\/\/place4all.pt\/wp-content\/uploads\/2021\/03\/IMG-20210204-WA0005-300x225.jpg 300w, https:\/\/place4all.pt\/wp-content\/uploads\/2021\/03\/IMG-20210204-WA0005-768x576.jpg 768w, https:\/\/place4all.pt\/wp-content\/uploads\/2021\/03\/IMG-20210204-WA0005-1536x1152.jpg 1536w, https:\/\/place4all.pt\/wp-content\/uploads\/2021\/03\/IMG-20210204-WA0005-1100x825.jpg 1100w, https:\/\/place4all.pt\/wp-content\/uploads\/2021\/03\/IMG-20210204-WA0005.jpg 1920w\" sizes=\"auto, (max-width: 1024px) 100vw, 1024px\" \/><figcaption class=\"blocks-gallery-item__caption\">Sala da Dire\u00e7\u00e3o<\/figcaption><\/figure><\/li><li class=\"blocks-gallery-item\"><figure><img loading=\"lazy\" decoding=\"async\" width=\"768\" height=\"1024\" src=\"https:\/\/place4all.pt\/wp-content\/uploads\/2021\/03\/Sala-1-ano-1-768x1024.jpg\" alt=\"\" data-id=\"155\" data-link=\"https:\/\/place4all.pt\/?attachment_id=155\" class=\"wp-image-155\" srcset=\"https:\/\/place4all.pt\/wp-content\/uploads\/2021\/03\/Sala-1-ano-1-768x1024.jpg 768w, https:\/\/place4all.pt\/wp-content\/uploads\/2021\/03\/Sala-1-ano-1-225x300.jpg 225w, https:\/\/place4all.pt\/wp-content\/uploads\/2021\/03\/Sala-1-ano-1-1152x1536.jpg 1152w, https:\/\/place4all.pt\/wp-content\/uploads\/2021\/03\/Sala-1-ano-1-1536x2048.jpg 1536w, https:\/\/place4all.pt\/wp-content\/uploads\/2021\/03\/Sala-1-ano-1-1100x1467.jpg 1100w, https:\/\/place4all.pt\/wp-content\/uploads\/2021\/03\/Sala-1-ano-1-scaled.jpg 1920w\" sizes=\"auto, (max-width: 768px) 100vw, 768px\" \/><figcaption class=\"blocks-gallery-item__caption\">Sala 1 Ano<\/figcaption><\/figure><\/li><li class=\"blocks-gallery-item\"><figure><img loading=\"lazy\" decoding=\"async\" width=\"1024\" height=\"678\" src=\"https:\/\/place4all.pt\/wp-content\/uploads\/2021\/03\/slider_creche4-1024x678.jpg\" alt=\"\" data-id=\"153\" data-link=\"https:\/\/place4all.pt\/?attachment_id=153\" class=\"wp-image-153\" srcset=\"https:\/\/place4all.pt\/wp-content\/uploads\/2021\/03\/slider_creche4-1024x678.jpg 1024w, https:\/\/place4all.pt\/wp-content\/uploads\/2021\/03\/slider_creche4-300x199.jpg 300w, https:\/\/place4all.pt\/wp-content\/uploads\/2021\/03\/slider_creche4-768x509.jpg 768w, https:\/\/place4all.pt\/wp-content\/uploads\/2021\/03\/slider_creche4-1536x1017.jpg 1536w, https:\/\/place4all.pt\/wp-content\/uploads\/2021\/03\/slider_creche4-2048x1356.jpg 2048w, https:\/\/place4all.pt\/wp-content\/uploads\/2021\/03\/slider_creche4-1100x728.jpg 1100w\" sizes=\"auto, (max-width: 1024px) 100vw, 1024px\" \/><figcaption class=\"blocks-gallery-item__caption\">Sala 1 ano<\/figcaption><\/figure><\/li><li class=\"blocks-gallery-item\"><figure><img loading=\"lazy\" decoding=\"async\" width=\"1024\" height=\"768\" src=\"https:\/\/place4all.pt\/wp-content\/uploads\/2021\/03\/Sala-1-A-3-1024x768.jpg\" alt=\"\" data-id=\"156\" data-link=\"https:\/\/place4all.pt\/?attachment_id=156\" class=\"wp-image-156\" srcset=\"https:\/\/place4all.pt\/wp-content\/uploads\/2021\/03\/Sala-1-A-3-1024x768.jpg 1024w, https:\/\/place4all.pt\/wp-content\/uploads\/2021\/03\/Sala-1-A-3-300x225.jpg 300w, https:\/\/place4all.pt\/wp-content\/uploads\/2021\/03\/Sala-1-A-3-768x576.jpg 768w, https:\/\/place4all.pt\/wp-content\/uploads\/2021\/03\/Sala-1-A-3-1536x1152.jpg 1536w, https:\/\/place4all.pt\/wp-content\/uploads\/2021\/03\/Sala-1-A-3-2048x1536.jpg 2048w, https:\/\/place4all.pt\/wp-content\/uploads\/2021\/03\/Sala-1-A-3-1100x825.jpg 1100w\" sizes=\"auto, (max-width: 1024px) 100vw, 1024px\" \/><figcaption class=\"blocks-gallery-item__caption\">Sala 1 Ano<\/figcaption><\/figure><\/li><li class=\"blocks-gallery-item\"><figure><img loading=\"lazy\" decoding=\"async\" width=\"1024\" height=\"768\" src=\"https:\/\/place4all.pt\/wp-content\/uploads\/2021\/03\/Sala-Ca\u0301tia-1024x768.jpg\" alt=\"\" data-id=\"270\" data-full-url=\"https:\/\/place4all.pt\/wp-content\/uploads\/2021\/03\/Sala-Ca\u0301tia.jpg\" data-link=\"https:\/\/place4all.pt\/?attachment_id=270\" class=\"wp-image-270\" srcset=\"https:\/\/place4all.pt\/wp-content\/uploads\/2021\/03\/Sala-Ca\u0301tia-1024x768.jpg 1024w, https:\/\/place4all.pt\/wp-content\/uploads\/2021\/03\/Sala-Ca\u0301tia-300x225.jpg 300w, https:\/\/place4all.pt\/wp-content\/uploads\/2021\/03\/Sala-Ca\u0301tia-768x576.jpg 768w, https:\/\/place4all.pt\/wp-content\/uploads\/2021\/03\/Sala-Ca\u0301tia-1536x1153.jpg 1536w, https:\/\/place4all.pt\/wp-content\/uploads\/2021\/03\/Sala-Ca\u0301tia-1100x825.jpg 1100w, https:\/\/place4all.pt\/wp-content\/uploads\/2021\/03\/Sala-Ca\u0301tia.jpg 1919w\" sizes=\"auto, (max-width: 1024px) 100vw, 1024px\" \/><figcaption class=\"blocks-gallery-item__caption\">Sala 2 anos<\/figcaption><\/figure><\/li><\/ul><\/figure>\n\n\n\n<p>O 2\u00ba andar \u00e9 ocupado pelo 1\u00ba ciclo e pela sala de transi\u00e7\u00e3o.<\/p>\n\n\n\n<figure class=\"wp-block-gallery columns-3 is-cropped wp-block-gallery-4 is-layout-flex wp-block-gallery-is-layout-flex\"><ul class=\"blocks-gallery-grid\"><li class=\"blocks-gallery-item\"><figure><img loading=\"lazy\" decoding=\"async\" width=\"1024\" height=\"768\" src=\"https:\/\/place4all.pt\/wp-content\/uploads\/2021\/03\/IMG-20210305-WA0030-1024x768.jpg\" alt=\"\" data-id=\"274\" data-link=\"https:\/\/place4all.pt\/?attachment_id=274\" class=\"wp-image-274\" srcset=\"https:\/\/place4all.pt\/wp-content\/uploads\/2021\/03\/IMG-20210305-WA0030-1024x768.jpg 1024w, https:\/\/place4all.pt\/wp-content\/uploads\/2021\/03\/IMG-20210305-WA0030-300x225.jpg 300w, https:\/\/place4all.pt\/wp-content\/uploads\/2021\/03\/IMG-20210305-WA0030-768x576.jpg 768w, https:\/\/place4all.pt\/wp-content\/uploads\/2021\/03\/IMG-20210305-WA0030-1536x1153.jpg 1536w, https:\/\/place4all.pt\/wp-content\/uploads\/2021\/03\/IMG-20210305-WA0030-1100x825.jpg 1100w, https:\/\/place4all.pt\/wp-content\/uploads\/2021\/03\/IMG-20210305-WA0030.jpg 1919w\" sizes=\"auto, (max-width: 1024px) 100vw, 1024px\" \/><figcaption class=\"blocks-gallery-item__caption\">Sala 1\u00ba ciclo<\/figcaption><\/figure><\/li><li class=\"blocks-gallery-item\"><figure><img loading=\"lazy\" decoding=\"async\" width=\"1024\" height=\"768\" src=\"https:\/\/place4all.pt\/wp-content\/uploads\/2021\/03\/IMG-20210305-WA0029-1024x768.jpg\" alt=\"\" data-id=\"273\" data-link=\"https:\/\/place4all.pt\/?attachment_id=273\" class=\"wp-image-273\" srcset=\"https:\/\/place4all.pt\/wp-content\/uploads\/2021\/03\/IMG-20210305-WA0029-1024x768.jpg 1024w, https:\/\/place4all.pt\/wp-content\/uploads\/2021\/03\/IMG-20210305-WA0029-300x225.jpg 300w, https:\/\/place4all.pt\/wp-content\/uploads\/2021\/03\/IMG-20210305-WA0029-768x576.jpg 768w, https:\/\/place4all.pt\/wp-content\/uploads\/2021\/03\/IMG-20210305-WA0029-1536x1153.jpg 1536w, https:\/\/place4all.pt\/wp-content\/uploads\/2021\/03\/IMG-20210305-WA0029-1100x825.jpg 1100w, https:\/\/place4all.pt\/wp-content\/uploads\/2021\/03\/IMG-20210305-WA0029.jpg 1919w\" sizes=\"auto, (max-width: 1024px) 100vw, 1024px\" \/><figcaption class=\"blocks-gallery-item__caption\">Sala 1\u00ba Ciclo<\/figcaption><\/figure><\/li><li class=\"blocks-gallery-item\"><figure><img loading=\"lazy\" decoding=\"async\" width=\"1024\" height=\"768\" src=\"https:\/\/place4all.pt\/wp-content\/uploads\/2021\/03\/IMG-20210205-WA0004-1024x768.jpg\" alt=\"\" data-id=\"162\" data-link=\"https:\/\/place4all.pt\/?attachment_id=162\" class=\"wp-image-162\" srcset=\"https:\/\/place4all.pt\/wp-content\/uploads\/2021\/03\/IMG-20210205-WA0004-1024x768.jpg 1024w, https:\/\/place4all.pt\/wp-content\/uploads\/2021\/03\/IMG-20210205-WA0004-300x225.jpg 300w, https:\/\/place4all.pt\/wp-content\/uploads\/2021\/03\/IMG-20210205-WA0004-768x576.jpg 768w, https:\/\/place4all.pt\/wp-content\/uploads\/2021\/03\/IMG-20210205-WA0004-1536x1152.jpg 1536w, https:\/\/place4all.pt\/wp-content\/uploads\/2021\/03\/IMG-20210205-WA0004-1100x825.jpg 1100w, https:\/\/place4all.pt\/wp-content\/uploads\/2021\/03\/IMG-20210205-WA0004.jpg 1632w\" sizes=\"auto, (max-width: 1024px) 100vw, 1024px\" \/><figcaption class=\"blocks-gallery-item__caption\">Sala de Transi\u00e7\u00e3o<\/figcaption><\/figure><\/li><\/ul><\/figure>\n\n\n\n<p><\/p>\n\n\n\n<p>Cont\u00edguas ao jardim encontram-se  as salas de pr\u00e9-escolar.<\/p>\n\n\n\n<figure class=\"wp-block-gallery columns-3 is-cropped wp-block-gallery-5 is-layout-flex wp-block-gallery-is-layout-flex\"><ul class=\"blocks-gallery-grid\"><li class=\"blocks-gallery-item\"><figure><img loading=\"lazy\" decoding=\"async\" width=\"1024\" height=\"768\" src=\"https:\/\/place4all.pt\/wp-content\/uploads\/2021\/03\/IMG-20210210-WA0003-1024x768.jpg\" alt=\"\" data-id=\"163\" data-link=\"https:\/\/place4all.pt\/?attachment_id=163\" class=\"wp-image-163\" srcset=\"https:\/\/place4all.pt\/wp-content\/uploads\/2021\/03\/IMG-20210210-WA0003-1024x768.jpg 1024w, https:\/\/place4all.pt\/wp-content\/uploads\/2021\/03\/IMG-20210210-WA0003-300x225.jpg 300w, https:\/\/place4all.pt\/wp-content\/uploads\/2021\/03\/IMG-20210210-WA0003-768x576.jpg 768w, https:\/\/place4all.pt\/wp-content\/uploads\/2021\/03\/IMG-20210210-WA0003-1536x1152.jpg 1536w, https:\/\/place4all.pt\/wp-content\/uploads\/2021\/03\/IMG-20210210-WA0003-1100x825.jpg 1100w, https:\/\/place4all.pt\/wp-content\/uploads\/2021\/03\/IMG-20210210-WA0003.jpg 1632w\" sizes=\"auto, (max-width: 1024px) 100vw, 1024px\" \/><figcaption class=\"blocks-gallery-item__caption\">Sala Pr\u00e9 escolar<\/figcaption><\/figure><\/li><li class=\"blocks-gallery-item\"><figure><img loading=\"lazy\" decoding=\"async\" width=\"768\" height=\"1024\" src=\"https:\/\/place4all.pt\/wp-content\/uploads\/2021\/03\/PE-B-7-768x1024.jpg\" alt=\"\" data-id=\"164\" data-link=\"https:\/\/place4all.pt\/?attachment_id=164\" class=\"wp-image-164\" srcset=\"https:\/\/place4all.pt\/wp-content\/uploads\/2021\/03\/PE-B-7-768x1023.jpg 768w, https:\/\/place4all.pt\/wp-content\/uploads\/2021\/03\/PE-B-7-225x300.jpg 225w, https:\/\/place4all.pt\/wp-content\/uploads\/2021\/03\/PE-B-7-1153x1536.jpg 1153w, https:\/\/place4all.pt\/wp-content\/uploads\/2021\/03\/PE-B-7-1100x1466.jpg 1100w, https:\/\/place4all.pt\/wp-content\/uploads\/2021\/03\/PE-B-7.jpg 1440w\" sizes=\"auto, (max-width: 768px) 100vw, 768px\" \/><figcaption class=\"blocks-gallery-item__caption\">Sala Pr\u00e9 escolar<\/figcaption><\/figure><\/li><li class=\"blocks-gallery-item\"><figure><img loading=\"lazy\" decoding=\"async\" width=\"768\" height=\"1024\" src=\"https:\/\/place4all.pt\/wp-content\/uploads\/2021\/03\/Sala-PE-B-1-768x1024.jpg\" alt=\"\" data-id=\"165\" data-full-url=\"https:\/\/place4all.pt\/wp-content\/uploads\/2021\/03\/Sala-PE-B-1.jpg\" data-link=\"https:\/\/place4all.pt\/?attachment_id=165\" class=\"wp-image-165\" srcset=\"https:\/\/place4all.pt\/wp-content\/uploads\/2021\/03\/Sala-PE-B-1-768x1023.jpg 768w, https:\/\/place4all.pt\/wp-content\/uploads\/2021\/03\/Sala-PE-B-1-225x300.jpg 225w, https:\/\/place4all.pt\/wp-content\/uploads\/2021\/03\/Sala-PE-B-1-1153x1536.jpg 1153w, https:\/\/place4all.pt\/wp-content\/uploads\/2021\/03\/Sala-PE-B-1-1100x1466.jpg 1100w, https:\/\/place4all.pt\/wp-content\/uploads\/2021\/03\/Sala-PE-B-1.jpg 1440w\" sizes=\"auto, (max-width: 768px) 100vw, 768px\" \/><figcaption class=\"blocks-gallery-item__caption\">Sala Pr\u00e9 escolar<\/figcaption><\/figure><\/li><\/ul><\/figure>\n\n\n\n<p><\/p>\n","protected":false},"excerpt":{"rendered":"<p>O nosso col\u00e9gio funciona num edif\u00edcio classificado e disp\u00f5e de uma ampla \u00e1rea de jardim e de uma zona de recreio coberto, disponibilizando equipamentos e materiais did\u00e1ticos para as crian\u00e7as.\u00a0 Estes dois espa\u00e7os s\u00e3o espa\u00e7os&hellip;<\/p>\n","protected":false},"author":1,"featured_media":0,"parent":53,"menu_order":30,"comment_status":"closed","ping_status":"closed","template":"","meta":{"footnotes":""},"class_list":["post-19","page","type-page","status-publish","hentry"],"_links":{"self":[{"href":"https:\/\/place4all.pt\/index.php?rest_route=\/wp\/v2\/pages\/19","targetHints":{"allow":["GET"]}}],"collection":[{"href":"https:\/\/place4all.pt\/index.php?rest_route=\/wp\/v2\/pages"}],"about":[{"href":"https:\/\/place4all.pt\/index.php?rest_route=\/wp\/v2\/types\/page"}],"author":[{"embeddable":true,"href":"https:\/\/place4all.pt\/index.php?rest_route=\/wp\/v2\/users\/1"}],"replies":[{"embeddable":true,"href":"https:\/\/place4all.pt\/index.php?rest_route=%2Fwp%2Fv2%2Fcomments&post=19"}],"version-history":[{"count":10,"href":"https:\/\/place4all.pt\/index.php?rest_route=\/wp\/v2\/pages\/19\/revisions"}],"predecessor-version":[{"id":591,"href":"https:\/\/place4all.pt\/index.php?rest_route=\/wp\/v2\/pages\/19\/revisions\/591"}],"up":[{"embeddable":true,"href":"https:\/\/place4all.pt\/index.php?rest_route=\/wp\/v2\/pages\/53"}],"wp:attachment":[{"href":"https:\/\/place4all.pt\/index.php?rest_route=%2Fwp%2Fv2%2Fmedia&parent=19"}],"curies":[{"name":"wp","href":"https:\/\/api.w.org\/{rel}","templated":true}]}}