{"id":25,"date":"2021-03-03T21:12:11","date_gmt":"2021-03-03T21:12:11","guid":{"rendered":"http:\/\/place4all.pt\/?page_id=25"},"modified":"2021-03-14T19:45:04","modified_gmt":"2021-03-14T19:45:04","slug":"pre-escolar","status":"publish","type":"page","link":"https:\/\/place4all.pt\/?page_id=25","title":{"rendered":"Pr\u00e9-escolar"},"content":{"rendered":"\n<div class=\"wp-block-image\"><figure class=\"aligncenter size-large is-resized\"><img loading=\"lazy\" decoding=\"async\" src=\"https:\/\/place4all.pt\/wp-content\/uploads\/2021\/03\/WhatsApp-Image-2021-03-04-at-17.28.33-1.jpeg\" alt=\"\" class=\"wp-image-252\" width=\"512\" height=\"512\" srcset=\"https:\/\/place4all.pt\/wp-content\/uploads\/2021\/03\/WhatsApp-Image-2021-03-04-at-17.28.33-1.jpeg 1024w, https:\/\/place4all.pt\/wp-content\/uploads\/2021\/03\/WhatsApp-Image-2021-03-04-at-17.28.33-1-300x300.jpeg 300w, https:\/\/place4all.pt\/wp-content\/uploads\/2021\/03\/WhatsApp-Image-2021-03-04-at-17.28.33-1-150x150.jpeg 150w, https:\/\/place4all.pt\/wp-content\/uploads\/2021\/03\/WhatsApp-Image-2021-03-04-at-17.28.33-1-768x768.jpeg 768w\" sizes=\"auto, (max-width: 512px) 100vw, 512px\" \/><\/figure><\/div>\n\n\n\n<p><strong>Quem somos?<\/strong><\/p>\n\n\n\n<p>A equipa da pr\u00e9-escolar \u00e9 uma equipa multidisciplinar, composta por elementos com forma\u00e7\u00e3o em educa\u00e7\u00e3o de inf\u00e2ncia, auxiliares de a\u00e7\u00e3o educativa, professor(a) de m\u00fasica, professor(a) de ingl\u00eas, t\u00e9cnicos(as) especializados(as) em reabilita\u00e7\u00e3o psicomotora, terapia da fala, terapia ocupacional e psic\u00f3logo(a), o que possibilita oferecer uma resposta diferenciada e espec\u00edfica \u00e0s caracter\u00edsticas de cada crian\u00e7a.<\/p>\n\n\n\n<p><strong>A quem se dirige?<\/strong><\/p>\n\n\n\n<p>O pr\u00e9-escolar destina-se a crian\u00e7as com idades compreendidas entre os 3 e os 6 anos.&nbsp;<\/p>\n\n\n\n<p><strong>Como estamos organizados?<\/strong><\/p>\n\n\n\n<p>O pr\u00e9-escolar funciona em grupos heterog\u00e9neos constitu\u00eddo por crian\u00e7as dos 3 aos 5 anos. Esta organiza\u00e7\u00e3o \u00e9 flex\u00edvel, podendo variar, mediante as caracter\u00edsticas espec\u00edficas dos alunos que comp\u00f5em as turmas.<\/p>\n\n\n\n<p>O dia tipo das salas \u00e9 estruturado da seguinte forma:&nbsp;<\/p>\n\n\n\n<figure class=\"wp-block-image is-resized\"><img loading=\"lazy\" decoding=\"async\" src=\"https:\/\/lh3.googleusercontent.com\/lOmPmdk2sNqXuaNrMHWcXQt8wAQGtcqEsirYQopOZbmHqY8PAACeVmpsdFlndyIa-5eIFneIdZ7XiHYBdhaBtetpaT-SOiEKDcyeHU9vLOipFGWPK83NxT0vZaiOtMIvc3oHa-YD\" alt=\"\" width=\"516\" height=\"499\"\/><\/figure>\n\n\n\n<p><strong>Sesta <\/strong>|<strong> <\/strong>O grupo dos 3 anos depois do almo\u00e7o dorme a sesta,<strong> <\/strong>com uma dura\u00e7\u00e3o inferior ou igual a 90 minutos.<\/p>\n\n\n\n<p><strong>Tempo Curricular<\/strong> | Um tempo destinado apenas aos grupo de 4 e 5 anos, onde se desenvolve um trabalho curricular mais direcionado. Os grupos juntam-se de acordo com a mesma faixa et\u00e1ria e no grupo dos 5 anos \u00e9 desenvolvido um trabalho de prepara\u00e7\u00e3o para o 1.\u00ba ciclo, juntamente com um professor(a) de 1\u00ba Ciclo uma vez por semana.\u00a0<\/p>\n\n\n\n<p><strong> Atividades de Enriquecimento Curricular<\/strong> | Express\u00e3o Musical, Ingl\u00eas, Express\u00e3o Pl\u00e1stica, Express\u00e3o Dram\u00e1tica e Express\u00e3o Motora (estas atividades realizam-se 1 vez por semana).<\/p>\n\n\n\n<figure class=\"wp-block-gallery columns-3 is-cropped wp-block-gallery-1 is-layout-flex wp-block-gallery-is-layout-flex\"><ul class=\"blocks-gallery-grid\"><li class=\"blocks-gallery-item\"><figure><img loading=\"lazy\" decoding=\"async\" width=\"819\" height=\"1024\" src=\"https:\/\/place4all.pt\/wp-content\/uploads\/2021\/03\/inCollage_20190403_105405128-819x1024.jpg\" alt=\"\" data-id=\"301\" data-link=\"https:\/\/place4all.pt\/?attachment_id=301\" class=\"wp-image-301\" srcset=\"https:\/\/place4all.pt\/wp-content\/uploads\/2021\/03\/inCollage_20190403_105405128-819x1024.jpg 819w, https:\/\/place4all.pt\/wp-content\/uploads\/2021\/03\/inCollage_20190403_105405128-240x300.jpg 240w, https:\/\/place4all.pt\/wp-content\/uploads\/2021\/03\/inCollage_20190403_105405128-768x960.jpg 768w, https:\/\/place4all.pt\/wp-content\/uploads\/2021\/03\/inCollage_20190403_105405128-1229x1536.jpg 1229w, https:\/\/place4all.pt\/wp-content\/uploads\/2021\/03\/inCollage_20190403_105405128-1638x2048.jpg 1638w, https:\/\/place4all.pt\/wp-content\/uploads\/2021\/03\/inCollage_20190403_105405128-1100x1375.jpg 1100w, https:\/\/place4all.pt\/wp-content\/uploads\/2021\/03\/inCollage_20190403_105405128.jpg 1920w\" sizes=\"auto, (max-width: 819px) 100vw, 819px\" \/><\/figure><\/li><li class=\"blocks-gallery-item\"><figure><img loading=\"lazy\" decoding=\"async\" width=\"768\" height=\"1024\" src=\"https:\/\/place4all.pt\/wp-content\/uploads\/2021\/03\/IMG_2656-1-768x1024.jpg\" alt=\"\" data-id=\"302\" data-link=\"https:\/\/place4all.pt\/?attachment_id=302\" class=\"wp-image-302\" srcset=\"https:\/\/place4all.pt\/wp-content\/uploads\/2021\/03\/IMG_2656-1-768x1024.jpg 768w, https:\/\/place4all.pt\/wp-content\/uploads\/2021\/03\/IMG_2656-1-225x300.jpg 225w, https:\/\/place4all.pt\/wp-content\/uploads\/2021\/03\/IMG_2656-1-1152x1536.jpg 1152w, https:\/\/place4all.pt\/wp-content\/uploads\/2021\/03\/IMG_2656-1-1536x2048.jpg 1536w, https:\/\/place4all.pt\/wp-content\/uploads\/2021\/03\/IMG_2656-1-1100x1467.jpg 1100w, https:\/\/place4all.pt\/wp-content\/uploads\/2021\/03\/IMG_2656-1-scaled.jpg 1920w\" sizes=\"auto, (max-width: 768px) 100vw, 768px\" \/><\/figure><\/li><li class=\"blocks-gallery-item\"><figure><img loading=\"lazy\" decoding=\"async\" width=\"725\" height=\"544\" src=\"https:\/\/place4all.pt\/wp-content\/uploads\/2021\/03\/3d01e030-8ef4-40a2-b65b-12f0488f91e8.jpg\" alt=\"\" data-id=\"310\" data-link=\"https:\/\/place4all.pt\/?attachment_id=310\" class=\"wp-image-310\" srcset=\"https:\/\/place4all.pt\/wp-content\/uploads\/2021\/03\/3d01e030-8ef4-40a2-b65b-12f0488f91e8.jpg 725w, https:\/\/place4all.pt\/wp-content\/uploads\/2021\/03\/3d01e030-8ef4-40a2-b65b-12f0488f91e8-300x225.jpg 300w\" sizes=\"auto, (max-width: 725px) 100vw, 725px\" \/><\/figure><\/li><li class=\"blocks-gallery-item\"><figure><img loading=\"lazy\" decoding=\"async\" width=\"1024\" height=\"768\" src=\"https:\/\/place4all.pt\/wp-content\/uploads\/2021\/03\/Dia-da-Crianc\u0327a-2-1024x768.jpg\" alt=\"\" data-id=\"304\" data-link=\"https:\/\/place4all.pt\/?attachment_id=304\" class=\"wp-image-304\" srcset=\"https:\/\/place4all.pt\/wp-content\/uploads\/2021\/03\/Dia-da-Crianc\u0327a-2-1024x768.jpg 1024w, https:\/\/place4all.pt\/wp-content\/uploads\/2021\/03\/Dia-da-Crianc\u0327a-2-300x225.jpg 300w, https:\/\/place4all.pt\/wp-content\/uploads\/2021\/03\/Dia-da-Crianc\u0327a-2-768x576.jpg 768w, https:\/\/place4all.pt\/wp-content\/uploads\/2021\/03\/Dia-da-Crianc\u0327a-2-1536x1152.jpg 1536w, https:\/\/place4all.pt\/wp-content\/uploads\/2021\/03\/Dia-da-Crianc\u0327a-2-2048x1536.jpg 2048w, https:\/\/place4all.pt\/wp-content\/uploads\/2021\/03\/Dia-da-Crianc\u0327a-2-1100x825.jpg 1100w\" sizes=\"auto, (max-width: 1024px) 100vw, 1024px\" \/><\/figure><\/li><li class=\"blocks-gallery-item\"><figure><img loading=\"lazy\" decoding=\"async\" width=\"1024\" height=\"446\" src=\"https:\/\/place4all.pt\/wp-content\/uploads\/2021\/03\/IMG_20210305_171213-1-1024x446.jpg\" alt=\"\" data-id=\"309\" data-link=\"https:\/\/place4all.pt\/?attachment_id=309\" class=\"wp-image-309\" srcset=\"https:\/\/place4all.pt\/wp-content\/uploads\/2021\/03\/IMG_20210305_171213-1-1024x446.jpg 1024w, https:\/\/place4all.pt\/wp-content\/uploads\/2021\/03\/IMG_20210305_171213-1-300x131.jpg 300w, https:\/\/place4all.pt\/wp-content\/uploads\/2021\/03\/IMG_20210305_171213-1-768x335.jpg 768w, https:\/\/place4all.pt\/wp-content\/uploads\/2021\/03\/IMG_20210305_171213-1-1536x670.jpg 1536w, https:\/\/place4all.pt\/wp-content\/uploads\/2021\/03\/IMG_20210305_171213-1-1100x480.jpg 1100w, https:\/\/place4all.pt\/wp-content\/uploads\/2021\/03\/IMG_20210305_171213-1.jpg 1920w\" sizes=\"auto, (max-width: 1024px) 100vw, 1024px\" \/><\/figure><\/li><li class=\"blocks-gallery-item\"><figure><img loading=\"lazy\" decoding=\"async\" width=\"1024\" height=\"1024\" src=\"https:\/\/place4all.pt\/wp-content\/uploads\/2021\/03\/IMG_9547-1024x1024.jpg\" alt=\"\" data-id=\"306\" data-link=\"https:\/\/place4all.pt\/?attachment_id=306\" class=\"wp-image-306\" srcset=\"https:\/\/place4all.pt\/wp-content\/uploads\/2021\/03\/IMG_9547-1024x1024.jpg 1024w, https:\/\/place4all.pt\/wp-content\/uploads\/2021\/03\/IMG_9547-300x300.jpg 300w, https:\/\/place4all.pt\/wp-content\/uploads\/2021\/03\/IMG_9547-150x150.jpg 150w, https:\/\/place4all.pt\/wp-content\/uploads\/2021\/03\/IMG_9547-768x768.jpg 768w, https:\/\/place4all.pt\/wp-content\/uploads\/2021\/03\/IMG_9547-1536x1536.jpg 1536w, https:\/\/place4all.pt\/wp-content\/uploads\/2021\/03\/IMG_9547-1100x1100.jpg 1100w, https:\/\/place4all.pt\/wp-content\/uploads\/2021\/03\/IMG_9547.jpg 2048w\" sizes=\"auto, (max-width: 1024px) 100vw, 1024px\" \/><\/figure><\/li><li class=\"blocks-gallery-item\"><figure><img loading=\"lazy\" decoding=\"async\" width=\"408\" height=\"544\" src=\"https:\/\/place4all.pt\/wp-content\/uploads\/2021\/03\/c6358863-e024-492d-8b16-d1a137151c51-1.jpg\" alt=\"\" data-id=\"311\" data-link=\"https:\/\/place4all.pt\/?attachment_id=311\" class=\"wp-image-311\" srcset=\"https:\/\/place4all.pt\/wp-content\/uploads\/2021\/03\/c6358863-e024-492d-8b16-d1a137151c51-1.jpg 408w, https:\/\/place4all.pt\/wp-content\/uploads\/2021\/03\/c6358863-e024-492d-8b16-d1a137151c51-1-225x300.jpg 225w\" sizes=\"auto, (max-width: 408px) 100vw, 408px\" \/><\/figure><\/li><li class=\"blocks-gallery-item\"><figure><img loading=\"lazy\" decoding=\"async\" width=\"819\" height=\"614\" src=\"https:\/\/place4all.pt\/wp-content\/uploads\/2021\/03\/unnamed-3-2.jpg\" alt=\"\" data-id=\"312\" data-link=\"https:\/\/place4all.pt\/?attachment_id=312\" class=\"wp-image-312\" srcset=\"https:\/\/place4all.pt\/wp-content\/uploads\/2021\/03\/unnamed-3-2.jpg 819w, https:\/\/place4all.pt\/wp-content\/uploads\/2021\/03\/unnamed-3-2-300x225.jpg 300w, https:\/\/place4all.pt\/wp-content\/uploads\/2021\/03\/unnamed-3-2-768x576.jpg 768w\" sizes=\"auto, (max-width: 819px) 100vw, 819px\" \/><\/figure><\/li><li class=\"blocks-gallery-item\"><figure><img loading=\"lazy\" decoding=\"async\" width=\"819\" height=\"1024\" src=\"https:\/\/place4all.pt\/wp-content\/uploads\/2021\/03\/IMG_5992-819x1024.jpg\" alt=\"\" data-id=\"313\" data-link=\"https:\/\/place4all.pt\/?attachment_id=313\" class=\"wp-image-313\" srcset=\"https:\/\/place4all.pt\/wp-content\/uploads\/2021\/03\/IMG_5992-819x1024.jpg 819w, https:\/\/place4all.pt\/wp-content\/uploads\/2021\/03\/IMG_5992-240x300.jpg 240w, https:\/\/place4all.pt\/wp-content\/uploads\/2021\/03\/IMG_5992-768x960.jpg 768w, https:\/\/place4all.pt\/wp-content\/uploads\/2021\/03\/IMG_5992-1229x1536.jpg 1229w, https:\/\/place4all.pt\/wp-content\/uploads\/2021\/03\/IMG_5992-1100x1375.jpg 1100w, https:\/\/place4all.pt\/wp-content\/uploads\/2021\/03\/IMG_5992.jpg 1638w\" sizes=\"auto, (max-width: 819px) 100vw, 819px\" \/><\/figure><\/li><li class=\"blocks-gallery-item\"><figure><img loading=\"lazy\" decoding=\"async\" width=\"1024\" height=\"1024\" src=\"https:\/\/place4all.pt\/wp-content\/uploads\/2021\/03\/IMG_3295-2-1024x1024.jpg\" alt=\"\" data-id=\"315\" data-full-url=\"https:\/\/place4all.pt\/wp-content\/uploads\/2021\/03\/IMG_3295-2.jpg\" data-link=\"https:\/\/place4all.pt\/?attachment_id=315\" class=\"wp-image-315\" srcset=\"https:\/\/place4all.pt\/wp-content\/uploads\/2021\/03\/IMG_3295-2-1024x1024.jpg 1024w, https:\/\/place4all.pt\/wp-content\/uploads\/2021\/03\/IMG_3295-2-300x300.jpg 300w, https:\/\/place4all.pt\/wp-content\/uploads\/2021\/03\/IMG_3295-2-150x150.jpg 150w, https:\/\/place4all.pt\/wp-content\/uploads\/2021\/03\/IMG_3295-2-768x768.jpg 768w, https:\/\/place4all.pt\/wp-content\/uploads\/2021\/03\/IMG_3295-2-1536x1536.jpg 1536w, https:\/\/place4all.pt\/wp-content\/uploads\/2021\/03\/IMG_3295-2-1100x1100.jpg 1100w, https:\/\/place4all.pt\/wp-content\/uploads\/2021\/03\/IMG_3295-2.jpg 2048w\" sizes=\"auto, (max-width: 1024px) 100vw, 1024px\" \/><\/figure><\/li><li class=\"blocks-gallery-item\"><figure><img loading=\"lazy\" decoding=\"async\" width=\"1024\" height=\"768\" src=\"https:\/\/place4all.pt\/wp-content\/uploads\/2021\/03\/IMG_5136-1024x768.jpg\" alt=\"\" data-id=\"303\" data-link=\"https:\/\/place4all.pt\/?attachment_id=303\" class=\"wp-image-303\" srcset=\"https:\/\/place4all.pt\/wp-content\/uploads\/2021\/03\/IMG_5136-1024x768.jpg 1024w, https:\/\/place4all.pt\/wp-content\/uploads\/2021\/03\/IMG_5136-300x225.jpg 300w, https:\/\/place4all.pt\/wp-content\/uploads\/2021\/03\/IMG_5136-768x576.jpg 768w, https:\/\/place4all.pt\/wp-content\/uploads\/2021\/03\/IMG_5136-1536x1152.jpg 1536w, https:\/\/place4all.pt\/wp-content\/uploads\/2021\/03\/IMG_5136-2048x1536.jpg 2048w, https:\/\/place4all.pt\/wp-content\/uploads\/2021\/03\/IMG_5136-1100x825.jpg 1100w\" sizes=\"auto, (max-width: 1024px) 100vw, 1024px\" \/><\/figure><\/li><\/ul><\/figure>\n\n\n\n<p>As salas est\u00e3o estruturadas em \u00e1reas de interesse\/conte\u00fado, apresentando uma din\u00e2mica flex\u00edvel em fun\u00e7\u00e3o do perfil e do centro de interesses do grupo e da sua evolu\u00e7\u00e3o ao longo do ano letivo. Esta organiza\u00e7\u00e3o tem em conta a idade das crian\u00e7as, os seus&nbsp; interesses e o n\u00famero de alunos por sala.&nbsp;<\/p>\n\n\n\n<p>Segundo o MEM, as \u00e1reas que se poder\u00e3o criar numa sala s\u00e3o:<\/p>\n\n\n\n<figure class=\"wp-block-image is-resized\"><img loading=\"lazy\" decoding=\"async\" src=\"https:\/\/lh3.googleusercontent.com\/Yn5dhug5xHdYNdXBShnd93NTJQYXgJkJuX05DVPx3Y2Ng5qsF-wC68fF1nqF3Hh1ySc4zWBAjoDIwPi7hXI4gAsHsivL1xa_9qHO6ogq07_xfJvV0DuTWxBgkpyyZJWNgqJZJoHc\" alt=\"\" width=\"857\" height=\"99\"\/><\/figure>\n\n\n\n<p><strong>Que metodologias pedag\u00f3gicas implementamos?<\/strong><\/p>\n\n\n\n<p>A nossa pr\u00e1tica pedag\u00f3gica inspira-se nas orienta\u00e7\u00f5es do Movimento da Escola Moderna (MEM), que assenta na convic\u00e7\u00e3o de que as aprendizagens se devem apoiar no ensino-aprendizagem e no desenvolvimento sociocultural (Ci\u00eancias, T\u00e9cnicas, Artes e Vida Quotidiana).<\/p>\n\n\n\n<p>O nosso projeto educativo pretende formar alunos aut\u00f3nomos, respons\u00e1veis, solid\u00e1rios e resilientes, promovendo assim o <strong>aprender a conhecer, a fazer, a ser e a estar<\/strong>. O aluno \u00e9 o centro de toda a aprendizagem, cabendo \u00e0 equipa educativa proporcionar experi\u00eancias significativas, diversificadas e cooperativas entre os alunos e com a restante comunidade educativa.&nbsp;<\/p>\n\n\n\n<p>A a\u00e7\u00e3o pedag\u00f3gica gira em torno da comunica\u00e7\u00e3o assente em circuitos de informa\u00e7\u00e3o e de trocas sistem\u00e1ticas com as crian\u00e7as e os adultos.<\/p>\n\n\n\n<figure class=\"wp-block-gallery columns-2 is-cropped wp-block-gallery-2 is-layout-flex wp-block-gallery-is-layout-flex\"><ul class=\"blocks-gallery-grid\"><li class=\"blocks-gallery-item\"><figure><img loading=\"lazy\" decoding=\"async\" width=\"1024\" height=\"768\" src=\"https:\/\/place4all.pt\/wp-content\/uploads\/2021\/03\/IMG-20210305-WA0013.jpg\" alt=\"\" data-id=\"227\" data-link=\"https:\/\/place4all.pt\/?attachment_id=227\" class=\"wp-image-227\" srcset=\"https:\/\/place4all.pt\/wp-content\/uploads\/2021\/03\/IMG-20210305-WA0013.jpg 1024w, https:\/\/place4all.pt\/wp-content\/uploads\/2021\/03\/IMG-20210305-WA0013-300x225.jpg 300w, https:\/\/place4all.pt\/wp-content\/uploads\/2021\/03\/IMG-20210305-WA0013-768x576.jpg 768w\" sizes=\"auto, (max-width: 1024px) 100vw, 1024px\" \/><\/figure><\/li><li class=\"blocks-gallery-item\"><figure><img loading=\"lazy\" decoding=\"async\" width=\"1024\" height=\"768\" src=\"https:\/\/place4all.pt\/wp-content\/uploads\/2021\/03\/IMG-20210305-WA0014.jpg\" alt=\"\" data-id=\"225\" data-link=\"https:\/\/place4all.pt\/?attachment_id=225\" class=\"wp-image-225\" srcset=\"https:\/\/place4all.pt\/wp-content\/uploads\/2021\/03\/IMG-20210305-WA0014.jpg 1024w, https:\/\/place4all.pt\/wp-content\/uploads\/2021\/03\/IMG-20210305-WA0014-300x225.jpg 300w, https:\/\/place4all.pt\/wp-content\/uploads\/2021\/03\/IMG-20210305-WA0014-768x576.jpg 768w\" sizes=\"auto, (max-width: 1024px) 100vw, 1024px\" \/><\/figure><\/li><\/ul><\/figure>\n\n\n\n<p><strong>Que instrumentos de pilotagem utilizamos?<\/strong><\/p>\n\n\n\n<p>A gest\u00e3o coletiva e partilhada da aprendizagem pressup\u00f5e a utiliza\u00e7\u00e3o de um conjunto de instrumentos de pilotagem que servem para regular o nosso trabalho em diversas dimens\u00f5es: gest\u00e3o do tempo e da rotina di\u00e1ria e semanal, planifica\u00e7\u00e3o e avalia\u00e7\u00e3o e regula\u00e7\u00e3o s\u00f3cio- moral do grupo.<\/p>\n\n\n\n<p>Assim, podemos encontrar os seguintes mapas: Mapa de Presen\u00e7as, Mapa do Tempo, Calend\u00e1rio,Quadro de Tarefas, Di\u00e1rio de Grupo e Mapa de Atividades.<\/p>\n\n\n\n<p>Desta forma, promove-se assim a autonomia, a responsabilidade e a individualidade, bem como o sentido de perten\u00e7a a um grupo e o saber expressar sentimentos, ideias e opini\u00f5es, ao mesmo tempo que, transversalmente, se trabalham no\u00e7\u00f5es matem\u00e1ticas e rigor cient\u00edfico.<\/p>\n\n\n\n<div class=\"wp-block-image\"><figure class=\"aligncenter size-large is-resized\"><img loading=\"lazy\" decoding=\"async\" src=\"https:\/\/place4all.pt\/wp-content\/uploads\/2021\/03\/WhatsApp-Image-2021-03-04-at-17.09.16-1.jpeg\" alt=\"\" class=\"wp-image-337\" width=\"512\" height=\"512\" srcset=\"https:\/\/place4all.pt\/wp-content\/uploads\/2021\/03\/WhatsApp-Image-2021-03-04-at-17.09.16-1.jpeg 1024w, https:\/\/place4all.pt\/wp-content\/uploads\/2021\/03\/WhatsApp-Image-2021-03-04-at-17.09.16-1-300x300.jpeg 300w, https:\/\/place4all.pt\/wp-content\/uploads\/2021\/03\/WhatsApp-Image-2021-03-04-at-17.09.16-1-150x150.jpeg 150w, https:\/\/place4all.pt\/wp-content\/uploads\/2021\/03\/WhatsApp-Image-2021-03-04-at-17.09.16-1-768x768.jpeg 768w\" sizes=\"auto, (max-width: 512px) 100vw, 512px\" \/><\/figure><\/div>\n\n\n\n<p><strong>Em resumo \u2026&nbsp;<\/strong><\/p>\n\n\n\n<p>&#8211; Valorizamos uma rela\u00e7\u00e3o de proximidade, confian\u00e7a, afetiva e positiva entre as crian\u00e7as e a equipa pedag\u00f3gica;<br>&#8211; Preconizamos um ensino individualizado;<br>&#8211; Proporcionamos \u00e0 crian\u00e7a, experi\u00eancias significativas que lhe permitem desenvolver compet\u00eancias pessoais, emocionais, sociais e acad\u00e9micas;&nbsp;&nbsp;<br>&#8211; Temos uma abordagem pedag\u00f3gica transdisciplinar;&nbsp;<br>&#8211; Estimulamos o desenvolvimento do pensamento cr\u00edtico, aut\u00f3nomo e de express\u00e3o de opini\u00e3o;<br>&#8211; Criamos espa\u00e7os e momentos de comunica\u00e7\u00e3o e express\u00e3o por parte da crian\u00e7a (apresenta\u00e7\u00e3o de projetos, conselhos, entre outros);<br>&#8211; As atividades ao ar livre fazem parte da rotina di\u00e1ria das nossas crian\u00e7as, em qualquer esta\u00e7\u00e3o do ano;<br>&#8211; Promovemos o envolvimento dos pais e fam\u00edlias no processo educativo das crian\u00e7as;<br>&#8211; Proporcionamos uma adapta\u00e7\u00e3o gradual das crian\u00e7as de 5 anos ao 1.\u00ba ciclo, a partir do 3.\u00ba per\u00edodo;<br>&#8211; Somos \u201cUm espa\u00e7o de aprendizagem e alegria\u201d.<\/p>\n\n\n\n<p><\/p>\n\n\n\n<p><\/p>\n\n\n\n<p><\/p>\n\n\n\n<p><\/p>\n\n\n\n<p><\/p>\n\n\n\n<p><\/p>\n\n\n\n<p><\/p>\n\n\n\n<p><\/p>\n\n\n\n<p><\/p>\n","protected":false},"excerpt":{"rendered":"<p>Quem somos? A equipa da pr\u00e9-escolar \u00e9 uma equipa multidisciplinar, composta por elementos com forma\u00e7\u00e3o em educa\u00e7\u00e3o de inf\u00e2ncia, auxiliares de a\u00e7\u00e3o educativa, professor(a) de m\u00fasica, professor(a) de ingl\u00eas, t\u00e9cnicos(as) especializados(as) em reabilita\u00e7\u00e3o psicomotora, terapia&hellip;<\/p>\n","protected":false},"author":1,"featured_media":0,"parent":56,"menu_order":30,"comment_status":"closed","ping_status":"closed","template":"","meta":{"footnotes":""},"class_list":["post-25","page","type-page","status-publish","hentry"],"_links":{"self":[{"href":"https:\/\/place4all.pt\/index.php?rest_route=\/wp\/v2\/pages\/25","targetHints":{"allow":["GET"]}}],"collection":[{"href":"https:\/\/place4all.pt\/index.php?rest_route=\/wp\/v2\/pages"}],"about":[{"href":"https:\/\/place4all.pt\/index.php?rest_route=\/wp\/v2\/types\/page"}],"author":[{"embeddable":true,"href":"https:\/\/place4all.pt\/index.php?rest_route=\/wp\/v2\/users\/1"}],"replies":[{"embeddable":true,"href":"https:\/\/place4all.pt\/index.php?rest_route=%2Fwp%2Fv2%2Fcomments&post=25"}],"version-history":[{"count":16,"href":"https:\/\/place4all.pt\/index.php?rest_route=\/wp\/v2\/pages\/25\/revisions"}],"predecessor-version":[{"id":601,"href":"https:\/\/place4all.pt\/index.php?rest_route=\/wp\/v2\/pages\/25\/revisions\/601"}],"up":[{"embeddable":true,"href":"https:\/\/place4all.pt\/index.php?rest_route=\/wp\/v2\/pages\/56"}],"wp:attachment":[{"href":"https:\/\/place4all.pt\/index.php?rest_route=%2Fwp%2Fv2%2Fmedia&parent=25"}],"curies":[{"name":"wp","href":"https:\/\/api.w.org\/{rel}","templated":true}]}}